{"id":68984,"date":"2026-02-26T23:46:46","date_gmt":"2026-02-26T23:46:46","guid":{"rendered":"https:\/\/www.socilink.com\/products\/terre-exotique-vanilla-from-mexico-2-pods-8g\/"},"modified":"2026-02-26T23:46:47","modified_gmt":"2026-02-26T23:46:47","slug":"terre-exotique-vanilla-from-mexico-2-pods-8g","status":"publish","type":"product","link":"https:\/\/www.socilink.com\/en\/products\/terre-exotique-vanilla-from-mexico-2-pods-8g\/","title":{"rendered":"Terre Exotique Vanilla from Mexico &#8211; 2 pods 8g"},"content":{"rendered":"<h4>Product Description<\/h4>\n<p>This vanilla stands out for its warm and woody notes, combined with delicate floral nuances. It also has hints of caramel and chocolate, as well as a subtle sweetness that envelops the palate. Mexican vanilla pods are often plump and juicy, offering a velvety texture and unmatched depth of flavor.<\/p>\n<p>The complex aroma of this Vanilla planifolia recalls an aged bourbon. It pairs perfectly with a flan, a cr\u00e8me br\u00fbl\u00e9e, homemade jam, or a creamy sauce. Split your pod in half to retrieve the precious seeds before adding them to custard, homemade rice pudding, a chocolate dessert, homemade sorbet, macaron batter, or a simple pancake batter.<\/p>\n<h4>Ingredients:<\/h4>\n<p>Vanilla planifolia.<\/p>\n<h4>Allergens:<\/h4>\n<p>May contain traces of celery, sesame, mustard, nuts.<\/p>\n<h4>Storage:<\/h4>\n<p>Keep in a dry place.<\/p>\n<h4>Preparation Suggestion:<\/h4>\n<p>Start by flattening the pod with the back of a knife. Then, split the pod lengthways, with the tip of a sharp knife. Scrape the vanilla seeds carefully out of the pod to use them in your recipes. Don\u2019t throw away the empty pod! Infuse it in milk or cream and use in your desserts. Our tip: pop the vanilla pod in a pot of sugar for a deliciously flavoured sugar.<\/p>\n<h4>Usage Suggestions:<\/h4>\n<p>Infuse 2 pods of Bourbon vanilla in milk or sugar to use in your desserts. You can also use their precious seeds to flavour butter to sweeten up fish and shellfish dishes.<\/p>\n<h4>Country of Origin:<\/h4>\n<p>Mexico<\/p>\n<h4>Distributed by:<\/h4>\n<p>Socilink Lda<br \/>\nRua Quinta dos \u00c1lamos n.\u00ba 3, 2625-577 Vialonga, PORTUGAL<\/p>\n<h4>Notice about our product information:<\/h4>\n<p>Always confirm the information on the article label. Food products are subject to constant change, for this reason, we recommend that you always read the labeling information that accompanies each product, including the nutritional information, ingredient list, storage, preparation and use instructions as well as other information before use or consumption.<\/p>\n","protected":false},"excerpt":{"rendered":"<p>Cultivated in Mexico, the historical birthplace of vanilla, these pods with fruity and chocolaty notes are perfect for pastry. They were grown in the state of Veracruz, in the undergrowth of humid forests.<\/p>\n","protected":false},"featured_media":68966,"comment_status":"closed","ping_status":"closed","template":"","meta":{"_acf_changed":false,"_lmt_disableupdate":"","_lmt_disable":"","ep_exclude_from_search":false},"socilink_saboresdomundo_tag":[2773,2837],"product_brand":[2509,2507],"product_cat":[2711,2624,2634,2601,2605],"product_tag":[],"class_list":{"0":"post-68984","1":"product","2":"type-product","3":"status-publish","4":"has-post-thumbnail","6":"socilink_saboresdomundo_tag-mexico-en","7":"socilink_saboresdomundo_tag-north-america","8":"product_brand-herbs-spices","9":"product_brand-terre-exotique-en","10":"product_cat-all-products","11":"product_cat-ingredients-seasonings","12":"product_cat-spices","13":"product_cat-sweets-snacks","14":"product_cat-vanilla","16":"first","17":"instock","18":"product-type-simple"},"acf":[],"yoast_head":"<!-- This site is optimized with the Yoast SEO plugin v27.3 - https:\/\/yoast.com\/product\/yoast-seo-wordpress\/ -->\n<title>Terre Exotique Vanilla from Mexico - 2 pods 8g<\/title>\n<meta name=\"description\" content=\"Cultivated in Mexico, the historical birthplace of vanilla, these pods with fruity and chocolaty notes are perfect for pastry. They were grown in the state of Veracruz, in the undergrowth of humid forests.\" \/>\n<meta name=\"robots\" content=\"index, follow, max-snippet:-1, max-image-preview:large, max-video-preview:-1\" \/>\n<link rel=\"canonical\" href=\"https:\/\/www.socilink.com\/en\/products\/terre-exotique-vanilla-from-mexico-2-pods-8g\/\" \/>\n<meta property=\"og:locale\" content=\"en_US\" \/>\n<meta property=\"og:type\" content=\"article\" \/>\n<meta property=\"og:title\" content=\"Terre Exotique Vanilla from Mexico - 2 pods 8g\" \/>\n<meta property=\"og:description\" content=\"Cultivated in Mexico, the historical birthplace of vanilla, these pods with fruity and chocolaty notes are perfect for pastry. They were grown in the state of Veracruz, in the undergrowth of humid forests.\" \/>\n<meta property=\"og:url\" content=\"https:\/\/www.socilink.com\/en\/products\/terre-exotique-vanilla-from-mexico-2-pods-8g\/\" \/>\n<meta property=\"og:site_name\" content=\"Socilink\" \/>\n<meta property=\"article:publisher\" content=\"https:\/\/www.facebook.com\/socilink\/\" \/>\n<meta property=\"article:modified_time\" content=\"2026-02-26T23:46:47+00:00\" \/>\n<meta property=\"og:image\" content=\"https:\/\/www.socilink.com\/wp-content\/uploads\/2025\/03\/s14634-baunilha-do-mexico-2-vagens-terre-exotique-8g.jpg\" \/>\n\t<meta property=\"og:image:width\" content=\"800\" \/>\n\t<meta property=\"og:image:height\" content=\"800\" \/>\n\t<meta property=\"og:image:type\" content=\"image\/jpeg\" \/>\n<meta name=\"twitter:card\" content=\"summary_large_image\" \/>\n<meta name=\"twitter:title\" content=\"Terre Exotique Vanilla from Mexico - 2 pods 8g\" \/>\n<meta name=\"twitter:label1\" content=\"Est. reading time\" \/>\n\t<meta name=\"twitter:data1\" content=\"2 minutes\" \/>\n<script type=\"application\/ld+json\" class=\"yoast-schema-graph\">{\"@context\":\"https:\\\/\\\/schema.org\",\"@graph\":[{\"@type\":\"WebPage\",\"@id\":\"https:\\\/\\\/www.socilink.com\\\/en\\\/products\\\/terre-exotique-vanilla-from-mexico-2-pods-8g\\\/\",\"url\":\"https:\\\/\\\/www.socilink.com\\\/en\\\/products\\\/terre-exotique-vanilla-from-mexico-2-pods-8g\\\/\",\"name\":\"Terre Exotique Vanilla from Mexico - 2 pods 8g\",\"isPartOf\":{\"@id\":\"https:\\\/\\\/www.socilink.com\\\/en\\\/#website\"},\"primaryImageOfPage\":{\"@id\":\"https:\\\/\\\/www.socilink.com\\\/en\\\/products\\\/terre-exotique-vanilla-from-mexico-2-pods-8g\\\/#primaryimage\"},\"image\":{\"@id\":\"https:\\\/\\\/www.socilink.com\\\/en\\\/products\\\/terre-exotique-vanilla-from-mexico-2-pods-8g\\\/#primaryimage\"},\"thumbnailUrl\":\"https:\\\/\\\/www.socilink.com\\\/wp-content\\\/uploads\\\/2025\\\/03\\\/s14634-baunilha-do-mexico-2-vagens-terre-exotique-8g.jpg\",\"datePublished\":\"2026-02-26T23:46:46+00:00\",\"dateModified\":\"2026-02-26T23:46:47+00:00\",\"description\":\"Cultivated in Mexico, the historical birthplace of vanilla, these pods with fruity and chocolaty notes are perfect for pastry. They were grown in the state of Veracruz, in the undergrowth of humid forests.\",\"breadcrumb\":{\"@id\":\"https:\\\/\\\/www.socilink.com\\\/en\\\/products\\\/terre-exotique-vanilla-from-mexico-2-pods-8g\\\/#breadcrumb\"},\"inLanguage\":\"en-US\",\"potentialAction\":[{\"@type\":\"ReadAction\",\"target\":[\"https:\\\/\\\/www.socilink.com\\\/en\\\/products\\\/terre-exotique-vanilla-from-mexico-2-pods-8g\\\/\"]}]},{\"@type\":\"ImageObject\",\"inLanguage\":\"en-US\",\"@id\":\"https:\\\/\\\/www.socilink.com\\\/en\\\/products\\\/terre-exotique-vanilla-from-mexico-2-pods-8g\\\/#primaryimage\",\"url\":\"https:\\\/\\\/www.socilink.com\\\/wp-content\\\/uploads\\\/2025\\\/03\\\/s14634-baunilha-do-mexico-2-vagens-terre-exotique-8g.jpg\",\"contentUrl\":\"https:\\\/\\\/www.socilink.com\\\/wp-content\\\/uploads\\\/2025\\\/03\\\/s14634-baunilha-do-mexico-2-vagens-terre-exotique-8g.jpg\",\"width\":800,\"height\":800,\"caption\":\"Terre Exotique Vanilla from Mexico - 2 pods 8g\"},{\"@type\":\"BreadcrumbList\",\"@id\":\"https:\\\/\\\/www.socilink.com\\\/en\\\/products\\\/terre-exotique-vanilla-from-mexico-2-pods-8g\\\/#breadcrumb\",\"itemListElement\":[{\"@type\":\"ListItem\",\"position\":1,\"name\":\"In\u00edcio\",\"item\":\"https:\\\/\\\/www.socilink.com\\\/en\\\/\"},{\"@type\":\"ListItem\",\"position\":2,\"name\":\"Products\",\"item\":\"https:\\\/\\\/www.socilink.com\\\/en\\\/products\\\/\"},{\"@type\":\"ListItem\",\"position\":3,\"name\":\"Terre Exotique Vanilla from Mexico &#8211; 2 pods 8g\"}]},{\"@type\":\"WebSite\",\"@id\":\"https:\\\/\\\/www.socilink.com\\\/en\\\/#website\",\"url\":\"https:\\\/\\\/www.socilink.com\\\/en\\\/\",\"name\":\"Socilink\",\"description\":\"Mundo de Sabores\",\"publisher\":{\"@id\":\"https:\\\/\\\/www.socilink.com\\\/en\\\/#organization\"},\"potentialAction\":[{\"@type\":\"SearchAction\",\"target\":{\"@type\":\"EntryPoint\",\"urlTemplate\":\"https:\\\/\\\/www.socilink.com\\\/en\\\/?s={search_term_string}\"},\"query-input\":{\"@type\":\"PropertyValueSpecification\",\"valueRequired\":true,\"valueName\":\"search_term_string\"}}],\"inLanguage\":\"en-US\"},{\"@type\":\"Organization\",\"@id\":\"https:\\\/\\\/www.socilink.com\\\/en\\\/#organization\",\"name\":\"Socilink\",\"url\":\"https:\\\/\\\/www.socilink.com\\\/en\\\/\",\"logo\":{\"@type\":\"ImageObject\",\"inLanguage\":\"en-US\",\"@id\":\"https:\\\/\\\/www.socilink.com\\\/en\\\/#\\\/schema\\\/logo\\\/image\\\/\",\"url\":\"https:\\\/\\\/www.socilink.com\\\/wp-content\\\/uploads\\\/2019\\\/10\\\/Socilink.svg\",\"contentUrl\":\"https:\\\/\\\/www.socilink.com\\\/wp-content\\\/uploads\\\/2019\\\/10\\\/Socilink.svg\",\"width\":1,\"height\":1,\"caption\":\"Socilink\"},\"image\":{\"@id\":\"https:\\\/\\\/www.socilink.com\\\/en\\\/#\\\/schema\\\/logo\\\/image\\\/\"},\"sameAs\":[\"https:\\\/\\\/www.facebook.com\\\/socilink\\\/\",\"https:\\\/\\\/www.instagram.com\\\/socilink_mundo_de_sabores\\\/\",\"https:\\\/\\\/www.linkedin.com\\\/company\\\/socilink\",\"https:\\\/\\\/www.pinterest.pt\\\/socilink\\\/\"]}]}<\/script>\n<!-- \/ Yoast SEO plugin. -->","yoast_head_json":{"title":"Terre Exotique Vanilla from Mexico - 2 pods 8g","description":"Cultivated in Mexico, the historical birthplace of vanilla, these pods with fruity and chocolaty notes are perfect for pastry. They were grown in the state of Veracruz, in the undergrowth of humid forests.","robots":{"index":"index","follow":"follow","max-snippet":"max-snippet:-1","max-image-preview":"max-image-preview:large","max-video-preview":"max-video-preview:-1"},"canonical":"https:\/\/www.socilink.com\/en\/products\/terre-exotique-vanilla-from-mexico-2-pods-8g\/","og_locale":"en_US","og_type":"article","og_title":"Terre Exotique Vanilla from Mexico - 2 pods 8g","og_description":"Cultivated in Mexico, the historical birthplace of vanilla, these pods with fruity and chocolaty notes are perfect for pastry. They were grown in the state of Veracruz, in the undergrowth of humid forests.","og_url":"https:\/\/www.socilink.com\/en\/products\/terre-exotique-vanilla-from-mexico-2-pods-8g\/","og_site_name":"Socilink","article_publisher":"https:\/\/www.facebook.com\/socilink\/","article_modified_time":"2026-02-26T23:46:47+00:00","og_image":[{"width":800,"height":800,"url":"https:\/\/www.socilink.com\/wp-content\/uploads\/2025\/03\/s14634-baunilha-do-mexico-2-vagens-terre-exotique-8g.jpg","type":"image\/jpeg"}],"twitter_card":"summary_large_image","twitter_title":"Terre Exotique Vanilla from Mexico - 2 pods 8g","twitter_misc":{"Est. reading time":"2 minutes"},"schema":{"@context":"https:\/\/schema.org","@graph":[{"@type":"WebPage","@id":"https:\/\/www.socilink.com\/en\/products\/terre-exotique-vanilla-from-mexico-2-pods-8g\/","url":"https:\/\/www.socilink.com\/en\/products\/terre-exotique-vanilla-from-mexico-2-pods-8g\/","name":"Terre Exotique Vanilla from Mexico - 2 pods 8g","isPartOf":{"@id":"https:\/\/www.socilink.com\/en\/#website"},"primaryImageOfPage":{"@id":"https:\/\/www.socilink.com\/en\/products\/terre-exotique-vanilla-from-mexico-2-pods-8g\/#primaryimage"},"image":{"@id":"https:\/\/www.socilink.com\/en\/products\/terre-exotique-vanilla-from-mexico-2-pods-8g\/#primaryimage"},"thumbnailUrl":"https:\/\/www.socilink.com\/wp-content\/uploads\/2025\/03\/s14634-baunilha-do-mexico-2-vagens-terre-exotique-8g.jpg","datePublished":"2026-02-26T23:46:46+00:00","dateModified":"2026-02-26T23:46:47+00:00","description":"Cultivated in Mexico, the historical birthplace of vanilla, these pods with fruity and chocolaty notes are perfect for pastry. They were grown in the state of Veracruz, in the undergrowth of humid forests.","breadcrumb":{"@id":"https:\/\/www.socilink.com\/en\/products\/terre-exotique-vanilla-from-mexico-2-pods-8g\/#breadcrumb"},"inLanguage":"en-US","potentialAction":[{"@type":"ReadAction","target":["https:\/\/www.socilink.com\/en\/products\/terre-exotique-vanilla-from-mexico-2-pods-8g\/"]}]},{"@type":"ImageObject","inLanguage":"en-US","@id":"https:\/\/www.socilink.com\/en\/products\/terre-exotique-vanilla-from-mexico-2-pods-8g\/#primaryimage","url":"https:\/\/www.socilink.com\/wp-content\/uploads\/2025\/03\/s14634-baunilha-do-mexico-2-vagens-terre-exotique-8g.jpg","contentUrl":"https:\/\/www.socilink.com\/wp-content\/uploads\/2025\/03\/s14634-baunilha-do-mexico-2-vagens-terre-exotique-8g.jpg","width":800,"height":800,"caption":"Terre Exotique Vanilla from Mexico - 2 pods 8g"},{"@type":"BreadcrumbList","@id":"https:\/\/www.socilink.com\/en\/products\/terre-exotique-vanilla-from-mexico-2-pods-8g\/#breadcrumb","itemListElement":[{"@type":"ListItem","position":1,"name":"In\u00edcio","item":"https:\/\/www.socilink.com\/en\/"},{"@type":"ListItem","position":2,"name":"Products","item":"https:\/\/www.socilink.com\/en\/products\/"},{"@type":"ListItem","position":3,"name":"Terre Exotique Vanilla from Mexico &#8211; 2 pods 8g"}]},{"@type":"WebSite","@id":"https:\/\/www.socilink.com\/en\/#website","url":"https:\/\/www.socilink.com\/en\/","name":"Socilink","description":"Mundo de Sabores","publisher":{"@id":"https:\/\/www.socilink.com\/en\/#organization"},"potentialAction":[{"@type":"SearchAction","target":{"@type":"EntryPoint","urlTemplate":"https:\/\/www.socilink.com\/en\/?s={search_term_string}"},"query-input":{"@type":"PropertyValueSpecification","valueRequired":true,"valueName":"search_term_string"}}],"inLanguage":"en-US"},{"@type":"Organization","@id":"https:\/\/www.socilink.com\/en\/#organization","name":"Socilink","url":"https:\/\/www.socilink.com\/en\/","logo":{"@type":"ImageObject","inLanguage":"en-US","@id":"https:\/\/www.socilink.com\/en\/#\/schema\/logo\/image\/","url":"https:\/\/www.socilink.com\/wp-content\/uploads\/2019\/10\/Socilink.svg","contentUrl":"https:\/\/www.socilink.com\/wp-content\/uploads\/2019\/10\/Socilink.svg","width":1,"height":1,"caption":"Socilink"},"image":{"@id":"https:\/\/www.socilink.com\/en\/#\/schema\/logo\/image\/"},"sameAs":["https:\/\/www.facebook.com\/socilink\/","https:\/\/www.instagram.com\/socilink_mundo_de_sabores\/","https:\/\/www.linkedin.com\/company\/socilink","https:\/\/www.pinterest.pt\/socilink\/"]}]}},"_links":{"self":[{"href":"https:\/\/www.socilink.com\/en\/wp-json\/wp\/v2\/product\/68984","targetHints":{"allow":["GET"]}}],"collection":[{"href":"https:\/\/www.socilink.com\/en\/wp-json\/wp\/v2\/product"}],"about":[{"href":"https:\/\/www.socilink.com\/en\/wp-json\/wp\/v2\/types\/product"}],"replies":[{"embeddable":true,"href":"https:\/\/www.socilink.com\/en\/wp-json\/wp\/v2\/comments?post=68984"}],"wp:featuredmedia":[{"embeddable":true,"href":"https:\/\/www.socilink.com\/en\/wp-json\/wp\/v2\/media\/68966"}],"wp:attachment":[{"href":"https:\/\/www.socilink.com\/en\/wp-json\/wp\/v2\/media?parent=68984"}],"wp:term":[{"taxonomy":"socilink_saboresdomundo_tag","embeddable":true,"href":"https:\/\/www.socilink.com\/en\/wp-json\/wp\/v2\/socilink_saboresdomundo_tag?post=68984"},{"taxonomy":"product_brand","embeddable":true,"href":"https:\/\/www.socilink.com\/en\/wp-json\/wp\/v2\/product_brand?post=68984"},{"taxonomy":"product_cat","embeddable":true,"href":"https:\/\/www.socilink.com\/en\/wp-json\/wp\/v2\/product_cat?post=68984"},{"taxonomy":"product_tag","embeddable":true,"href":"https:\/\/www.socilink.com\/en\/wp-json\/wp\/v2\/product_tag?post=68984"}],"curies":[{"name":"wp","href":"https:\/\/api.w.org\/{rel}","templated":true}]}}